{"id":3587,"date":"2022-03-15T09:21:45","date_gmt":"2022-03-15T15:21:45","guid":{"rendered":"https:\/\/outdoorcouncil.ca\/person\/franz-plangger\/"},"modified":"2023-06-14T17:11:45","modified_gmt":"2023-06-14T23:11:45","slug":"franz-plangger","status":"publish","type":"person","link":"https:\/\/outdoorcouncil.ca\/fr\/person\/franz-plangger\/","title":{"rendered":"Franz Plangger"},"content":{"rendered":"\n<p>Le parcours de Franz a chang\u00e9 de mani\u00e8re significative lorsqu&rsquo;il a particip\u00e9 \u00e0 une exp\u00e9dition en plein air en 2001. Depuis, il se passionne pour le partage de la beaut\u00e9 des environnements naturels et de la puissance de la d\u00e9couverte de son propre potentiel. Franz a obtenu un diplome en plein air et tourisme d&rsquo;aventure dans la magnifique r\u00e9gion du Saguenay\/Lac Saint Jean au Qu\u00e9bec et une ma\u00eetrise en \u00e9ducation, \u00e9tudes de leadership dans la vall\u00e9e historique de l&rsquo;Annapolis en Nouvelle-\u00c9cosse. Il a pass\u00e9 plus de dix ans \u00e0 diriger des programmes d&rsquo;\u00e9ducation exp\u00e9rientielle avec des organisations telles que Outward Bound, NOLS, Class Afloat et Enviros Wilderness School. Son parcours l&rsquo;a expos\u00e9 \u00e0 de nombreux environnements diff\u00e9rents, o\u00f9 il a ressenti la puissance du vent hurlant, vu des arcs-en-ciel peints sur les flancs des montagnes, compris le pouvoir salvateur des mots et \u00e9cout\u00e9 des histoires transmises de g\u00e9n\u00e9ration en g\u00e9n\u00e9ration.<\/p>\n","protected":false},"featured_media":0,"template":"","class_list":["post-3587","person","type-person","status-publish","hentry","pmpro-has-access"],"acf":[],"yoast_head":"<!-- This site is optimized with the Yoast SEO plugin v27.4 - https:\/\/yoast.com\/product\/yoast-seo-wordpress\/ -->\n<title>Franz Plangger | Outdoor Council of Canada<\/title>\n<meta name=\"robots\" content=\"index, follow, max-snippet:-1, max-image-preview:large, max-video-preview:-1\" \/>\n<link rel=\"canonical\" href=\"https:\/\/outdoorcouncil.ca\/fr\/person\/franz-plangger\/\" \/>\n<meta property=\"og:locale\" content=\"fr_FR\" \/>\n<meta property=\"og:type\" content=\"article\" \/>\n<meta property=\"og:title\" content=\"Franz Plangger | Outdoor Council of Canada\" \/>\n<meta property=\"og:description\" content=\"Le parcours de Franz a chang\u00e9 de mani\u00e8re significative lorsqu&rsquo;il a particip\u00e9 \u00e0 une exp\u00e9dition en plein air en 2001. Depuis, il se passionne pour le partage de la beaut\u00e9 [&hellip;]\" \/>\n<meta property=\"og:url\" content=\"https:\/\/outdoorcouncil.ca\/fr\/person\/franz-plangger\/\" \/>\n<meta property=\"og:site_name\" content=\"Outdoor Council of Canada\" \/>\n<meta property=\"article:modified_time\" content=\"2023-06-14T23:11:45+00:00\" \/>\n<meta name=\"twitter:card\" content=\"summary_large_image\" \/>\n<meta name=\"twitter:label1\" content=\"Dur\u00e9e de lecture estim\u00e9e\" \/>\n\t<meta name=\"twitter:data1\" content=\"1 minute\" \/>\n<script type=\"application\/ld+json\" class=\"yoast-schema-graph\">{\"@context\":\"https:\\\/\\\/schema.org\",\"@graph\":[{\"@type\":\"WebPage\",\"@id\":\"https:\\\/\\\/outdoorcouncil.ca\\\/fr\\\/person\\\/franz-plangger\\\/\",\"url\":\"https:\\\/\\\/outdoorcouncil.ca\\\/fr\\\/person\\\/franz-plangger\\\/\",\"name\":\"Franz Plangger | Outdoor Council of Canada\",\"isPartOf\":{\"@id\":\"https:\\\/\\\/outdoorcouncil.ca\\\/fr\\\/#website\"},\"datePublished\":\"2022-03-15T15:21:45+00:00\",\"dateModified\":\"2023-06-14T23:11:45+00:00\",\"breadcrumb\":{\"@id\":\"https:\\\/\\\/outdoorcouncil.ca\\\/fr\\\/person\\\/franz-plangger\\\/#breadcrumb\"},\"inLanguage\":\"fr-FR\",\"potentialAction\":[{\"@type\":\"ReadAction\",\"target\":[\"https:\\\/\\\/outdoorcouncil.ca\\\/fr\\\/person\\\/franz-plangger\\\/\"]}]},{\"@type\":\"BreadcrumbList\",\"@id\":\"https:\\\/\\\/outdoorcouncil.ca\\\/fr\\\/person\\\/franz-plangger\\\/#breadcrumb\",\"itemListElement\":[{\"@type\":\"ListItem\",\"position\":1,\"name\":\"Home\",\"item\":\"https:\\\/\\\/outdoorcouncil.ca\\\/fr\\\/\"},{\"@type\":\"ListItem\",\"position\":2,\"name\":\"Franz Plangger\"}]},{\"@type\":\"WebSite\",\"@id\":\"https:\\\/\\\/outdoorcouncil.ca\\\/fr\\\/#website\",\"url\":\"https:\\\/\\\/outdoorcouncil.ca\\\/fr\\\/\",\"name\":\"Outdoor Council of Canada\",\"description\":\"Connecting Canadians to the Outdoors\",\"publisher\":{\"@id\":\"https:\\\/\\\/outdoorcouncil.ca\\\/fr\\\/#organization\"},\"potentialAction\":[{\"@type\":\"SearchAction\",\"target\":{\"@type\":\"EntryPoint\",\"urlTemplate\":\"https:\\\/\\\/outdoorcouncil.ca\\\/fr\\\/?s={search_term_string}\"},\"query-input\":{\"@type\":\"PropertyValueSpecification\",\"valueRequired\":true,\"valueName\":\"search_term_string\"}}],\"inLanguage\":\"fr-FR\"},{\"@type\":\"Organization\",\"@id\":\"https:\\\/\\\/outdoorcouncil.ca\\\/fr\\\/#organization\",\"name\":\"Outdoor Council of Canada\",\"url\":\"https:\\\/\\\/outdoorcouncil.ca\\\/fr\\\/\",\"logo\":{\"@type\":\"ImageObject\",\"inLanguage\":\"fr-FR\",\"@id\":\"https:\\\/\\\/outdoorcouncil.ca\\\/fr\\\/#\\\/schema\\\/logo\\\/image\\\/\",\"url\":\"https:\\\/\\\/outdoorcouncil.ca\\\/wp-content\\\/uploads\\\/2022\\\/08\\\/occ-logo.svg\",\"contentUrl\":\"https:\\\/\\\/outdoorcouncil.ca\\\/wp-content\\\/uploads\\\/2022\\\/08\\\/occ-logo.svg\",\"width\":85,\"height\":37,\"caption\":\"Outdoor Council of Canada\"},\"image\":{\"@id\":\"https:\\\/\\\/outdoorcouncil.ca\\\/fr\\\/#\\\/schema\\\/logo\\\/image\\\/\"}}]}<\/script>\n<!-- \/ Yoast SEO plugin. -->","yoast_head_json":{"title":"Franz Plangger | Outdoor Council of Canada","robots":{"index":"index","follow":"follow","max-snippet":"max-snippet:-1","max-image-preview":"max-image-preview:large","max-video-preview":"max-video-preview:-1"},"canonical":"https:\/\/outdoorcouncil.ca\/fr\/person\/franz-plangger\/","og_locale":"fr_FR","og_type":"article","og_title":"Franz Plangger | Outdoor Council of Canada","og_description":"Le parcours de Franz a chang\u00e9 de mani\u00e8re significative lorsqu&rsquo;il a particip\u00e9 \u00e0 une exp\u00e9dition en plein air en 2001. Depuis, il se passionne pour le partage de la beaut\u00e9 [&hellip;]","og_url":"https:\/\/outdoorcouncil.ca\/fr\/person\/franz-plangger\/","og_site_name":"Outdoor Council of Canada","article_modified_time":"2023-06-14T23:11:45+00:00","twitter_card":"summary_large_image","twitter_misc":{"Dur\u00e9e de lecture estim\u00e9e":"1 minute"},"schema":{"@context":"https:\/\/schema.org","@graph":[{"@type":"WebPage","@id":"https:\/\/outdoorcouncil.ca\/fr\/person\/franz-plangger\/","url":"https:\/\/outdoorcouncil.ca\/fr\/person\/franz-plangger\/","name":"Franz Plangger | Outdoor Council of Canada","isPartOf":{"@id":"https:\/\/outdoorcouncil.ca\/fr\/#website"},"datePublished":"2022-03-15T15:21:45+00:00","dateModified":"2023-06-14T23:11:45+00:00","breadcrumb":{"@id":"https:\/\/outdoorcouncil.ca\/fr\/person\/franz-plangger\/#breadcrumb"},"inLanguage":"fr-FR","potentialAction":[{"@type":"ReadAction","target":["https:\/\/outdoorcouncil.ca\/fr\/person\/franz-plangger\/"]}]},{"@type":"BreadcrumbList","@id":"https:\/\/outdoorcouncil.ca\/fr\/person\/franz-plangger\/#breadcrumb","itemListElement":[{"@type":"ListItem","position":1,"name":"Home","item":"https:\/\/outdoorcouncil.ca\/fr\/"},{"@type":"ListItem","position":2,"name":"Franz Plangger"}]},{"@type":"WebSite","@id":"https:\/\/outdoorcouncil.ca\/fr\/#website","url":"https:\/\/outdoorcouncil.ca\/fr\/","name":"Outdoor Council of Canada","description":"Connecting Canadians to the Outdoors","publisher":{"@id":"https:\/\/outdoorcouncil.ca\/fr\/#organization"},"potentialAction":[{"@type":"SearchAction","target":{"@type":"EntryPoint","urlTemplate":"https:\/\/outdoorcouncil.ca\/fr\/?s={search_term_string}"},"query-input":{"@type":"PropertyValueSpecification","valueRequired":true,"valueName":"search_term_string"}}],"inLanguage":"fr-FR"},{"@type":"Organization","@id":"https:\/\/outdoorcouncil.ca\/fr\/#organization","name":"Outdoor Council of Canada","url":"https:\/\/outdoorcouncil.ca\/fr\/","logo":{"@type":"ImageObject","inLanguage":"fr-FR","@id":"https:\/\/outdoorcouncil.ca\/fr\/#\/schema\/logo\/image\/","url":"https:\/\/outdoorcouncil.ca\/wp-content\/uploads\/2022\/08\/occ-logo.svg","contentUrl":"https:\/\/outdoorcouncil.ca\/wp-content\/uploads\/2022\/08\/occ-logo.svg","width":85,"height":37,"caption":"Outdoor Council of Canada"},"image":{"@id":"https:\/\/outdoorcouncil.ca\/fr\/#\/schema\/logo\/image\/"}}]}},"_links":{"self":[{"href":"https:\/\/outdoorcouncil.ca\/fr\/wp-json\/wp\/v2\/person\/3587","targetHints":{"allow":["GET"]}}],"collection":[{"href":"https:\/\/outdoorcouncil.ca\/fr\/wp-json\/wp\/v2\/person"}],"about":[{"href":"https:\/\/outdoorcouncil.ca\/fr\/wp-json\/wp\/v2\/types\/person"}],"wp:attachment":[{"href":"https:\/\/outdoorcouncil.ca\/fr\/wp-json\/wp\/v2\/media?parent=3587"}],"curies":[{"name":"wp","href":"https:\/\/api.w.org\/{rel}","templated":true}]}}